{"id":98,"date":"2010-12-07T21:37:08","date_gmt":"2010-12-07T21:37:08","guid":{"rendered":"http:\/\/localhost\/wordpress\/?page_id=98"},"modified":"2023-08-30T05:08:21","modified_gmt":"2023-08-30T05:08:21","slug":"impressum","status":"publish","type":"page","link":"https:\/\/gruene-hofheim.de\/?page_id=98","title":{"rendered":"Impressum"},"content":{"rendered":"<p><strong>B\u00dcNDNIS 90\/DIE GR\u00dcNEN Hofheim<br \/>\n<\/strong>Wilhelmstrasse 6<br \/>\n65719 Hofheim am Taunus<\/p>\n<div><strong>Gesch\u00e4ftsf\u00fchrender Vorstand<\/strong><\/div>\n<div><\/div>\n<div class=\"\">Gaby Colpe-Decker<\/div>\n<div>Olaf Bruhn<\/div>\n<div>Simon Schnellrieder<\/div>\n<p><strong>Verantwortlich im Sinne \u00a7 5 Telemediengesetz (TMD):<br \/>\n<\/strong>Simon Schnellrieder<br \/>\nWilhelmstrasse 6<br \/>\n65719 Hofheim am Taunus<\/p>\n<p><strong>Konzept, Realisation und Betrieb:<\/strong><br \/>\nSimon Schnellrieder <a href=\"http:\/\/www.schnellrieder.net\">http:\/\/www.schnellrieder.net<\/a><\/p>\n<p>Powered by WordPress <a href=\"http:\/\/www.wordpress.org\/\">http:\/\/www.wordpress.org\/<\/a><\/p>\n<p>Hosted by <a href=\"http:\/\/www.1und1.de\" target=\"_blank\" rel=\"noopener noreferrer\">http:\/\/www.1und1.de<\/a><\/p>\n<p><a href=\"http:\/\/www.wordpress.org\/\">\u00a0<\/a><\/p>\n<p><strong>Haftung f\u00fcr Links:<\/strong><br \/>\nUnser Angebot enth\u00e4lt Links zu externen Webseiten Dritter, auf deren\u00a0 Inhalte wir keinen Einfluss haben. Deshalb k\u00f6nnen wir f\u00fcr diese fremden\u00a0 Inhalte auch keine Gew\u00e4hr \u00fcbernehmen. F\u00fcr die Inhalte der verlinkten\u00a0 Seiten ist stets der jeweilige Anbieter oder Betreiber der Seiten\u00a0 verantwortlich. Die verlinkten Seiten wurden zum Zeitpunkt der\u00a0 Verlinkung auf m\u00f6gliche Rechtsverst\u00f6\u00dfe \u00fcberpr\u00fcft. Rechtswidrige Inhalte\u00a0 waren zum Zeitpunkt der Verlinkung nicht erkennbar. Eine permanente inhaltliche Kontrolle der verlinkten Seiten ist jedoch ohne konkrete\u00a0 Anhaltspunkte einer Rechtsverletzung nicht zumutbar. Bei bekannt werden von Rechtsverletzungen werden wir derartige Links umgehend entfernen.<\/p>\n<p><strong>Bilder:<\/strong><br \/>\nEigene,\u00a0 pixelio.de, Flickr.com<\/p>\n","protected":false},"excerpt":{"rendered":"<p>B\u00dcNDNIS 90\/DIE GR\u00dcNEN Hofheim Wilhelmstrasse 6 65719 Hofheim am Taunus Gesch\u00e4ftsf\u00fchrender Vorstand Gaby Colpe-Decker Olaf Bruhn Simon Schnellrieder Verantwortlich im Sinne \u00a7 5 Telemediengesetz (TMD): Simon Schnellrieder Wilhelmstrasse 6 65719 [&hellip;]<\/p>\n","protected":false},"author":1,"featured_media":0,"parent":0,"menu_order":0,"comment_status":"closed","ping_status":"closed","template":"","meta":{"footnotes":""},"class_list":["post-98","page","type-page","status-publish","hentry"],"_links":{"self":[{"href":"https:\/\/gruene-hofheim.de\/index.php?rest_route=\/wp\/v2\/pages\/98","targetHints":{"allow":["GET"]}}],"collection":[{"href":"https:\/\/gruene-hofheim.de\/index.php?rest_route=\/wp\/v2\/pages"}],"about":[{"href":"https:\/\/gruene-hofheim.de\/index.php?rest_route=\/wp\/v2\/types\/page"}],"author":[{"embeddable":true,"href":"https:\/\/gruene-hofheim.de\/index.php?rest_route=\/wp\/v2\/users\/1"}],"replies":[{"embeddable":true,"href":"https:\/\/gruene-hofheim.de\/index.php?rest_route=%2Fwp%2Fv2%2Fcomments&post=98"}],"version-history":[{"count":12,"href":"https:\/\/gruene-hofheim.de\/index.php?rest_route=\/wp\/v2\/pages\/98\/revisions"}],"predecessor-version":[{"id":3011,"href":"https:\/\/gruene-hofheim.de\/index.php?rest_route=\/wp\/v2\/pages\/98\/revisions\/3011"}],"wp:attachment":[{"href":"https:\/\/gruene-hofheim.de\/index.php?rest_route=%2Fwp%2Fv2%2Fmedia&parent=98"}],"curies":[{"name":"wp","href":"https:\/\/api.w.org\/{rel}","templated":true}]}}